{"id":203,"date":"2023-07-07T12:06:25","date_gmt":"2023-07-07T10:06:25","guid":{"rendered":"https:\/\/alproarchiv.de\/?page_id=203"},"modified":"2026-04-24T10:44:58","modified_gmt":"2026-04-24T08:44:58","slug":"termine","status":"publish","type":"page","link":"https:\/\/www.alpro-medical.de\/en\/termine\/","title":{"rendered":"Dates"},"content":{"rendered":"<div data-elementor-type=\"wp-page\" data-elementor-id=\"203\" class=\"elementor elementor-203\" data-elementor-post-type=\"page\">\n\t\t\t\t<div class=\"elementor-element elementor-element-33c1886 e-flex e-con-boxed e-con e-parent\" data-id=\"33c1886\" data-element_type=\"container\" data-e-type=\"container\" data-settings=\"{&quot;background_background&quot;:&quot;classic&quot;}\">\n\t\t\t\t\t<div class=\"e-con-inner\">\n\t\t<div class=\"elementor-element elementor-element-f69ef0f e-flex e-con-boxed e-con e-child\" data-id=\"f69ef0f\" data-element_type=\"container\" data-e-type=\"container\" data-settings=\"{&quot;background_background&quot;:&quot;classic&quot;}\">\n\t\t\t\t\t<div class=\"e-con-inner\">\n\t\t\t\t<div class=\"elementor-element elementor-element-8320668 elementor-widget__width-inherit elementor-widget elementor-widget-global elementor-global-313 elementor-widget-image\" data-id=\"8320668\" data-element_type=\"widget\" data-e-type=\"widget\" data-widget_type=\"image.default\">\n\t\t\t\t<div class=\"elementor-widget-container\">\n\t\t\t\t\t\t\t\t\t\t\t\t\t\t\t<img fetchpriority=\"high\" decoding=\"async\" width=\"930\" height=\"170\" src=\"https:\/\/www.alpro-medical.de\/wp-content\/uploads\/2023\/07\/header_behandlungseinheit-1.jpg\" class=\"attachment-full size-full wp-image-2502\" alt=\"\" srcset=\"https:\/\/www.alpro-medical.de\/wp-content\/uploads\/2023\/07\/header_behandlungseinheit-1.jpg 930w, https:\/\/www.alpro-medical.de\/wp-content\/uploads\/2023\/07\/header_behandlungseinheit-1-300x55.jpg 300w, https:\/\/www.alpro-medical.de\/wp-content\/uploads\/2023\/07\/header_behandlungseinheit-1-768x140.jpg 768w\" sizes=\"(max-width: 930px) 100vw, 930px\" \/>\t\t\t\t\t\t\t\t\t\t\t\t\t\t\t<\/div>\n\t\t\t\t<\/div>\n\t\t\t\t\t<\/div>\n\t\t\t\t<\/div>\n\t\t\t\t\t<\/div>\n\t\t\t\t<\/div>\n\t\t<div class=\"elementor-element elementor-element-e5fc3c9 e-flex e-con-boxed e-con e-parent\" data-id=\"e5fc3c9\" data-element_type=\"container\" data-e-type=\"container\" data-no-translation=\"\">\n\t\t\t\t\t<div class=\"e-con-inner\">\n\t\t<div class=\"elementor-element elementor-element-00ad7c4 e-con-full e-flex e-con e-child\" data-id=\"00ad7c4\" data-element_type=\"container\" data-e-type=\"container\">\n\t\t\t\t<div class=\"elementor-element elementor-element-e73d4a0 elementor-widget elementor-widget-text-editor\" data-id=\"e73d4a0\" data-element_type=\"widget\" data-e-type=\"widget\" data-widget_type=\"text-editor.default\">\n\t\t\t\t<div class=\"elementor-widget-container\">\n\t\t\t\t\t\t\t\t\t<div id=\"content\"><div id=\"left\"><h1>\u00a0<\/h1><div><h1><span style=\"color: #ff0000;\">Our trade fair dates<\/span><\/h1><div><p>On these trade fairs you can find your contact person for every wish. We look forward to seeing you in person and discussing your requirements!<\/p><\/div><\/div><\/div><\/div>\t\t\t\t\t\t\t\t<\/div>\n\t\t\t\t<\/div>\n\t\t\t\t<\/div>\n\t\t<div class=\"elementor-element elementor-element-06b955c e-con-full e-flex e-con e-child\" data-id=\"06b955c\" data-element_type=\"container\" data-e-type=\"container\">\n\t\t\t\t<div class=\"elementor-element elementor-element-98882cf elementor-widget__width-initial elementor-nav-menu--dropdown-tablet elementor-nav-menu__text-align-aside elementor-nav-menu--toggle elementor-nav-menu--burger elementor-widget elementor-widget-nav-menu\" data-id=\"98882cf\" data-element_type=\"widget\" data-e-type=\"widget\" data-settings=\"{&quot;layout&quot;:&quot;vertical&quot;,&quot;submenu_icon&quot;:{&quot;value&quot;:&quot;&lt;i class=\\&quot;fas fa-caret-down\\&quot; aria-hidden=\\&quot;true\\&quot;&gt;&lt;\\\/i&gt;&quot;,&quot;library&quot;:&quot;fa-solid&quot;},&quot;toggle&quot;:&quot;burger&quot;}\" data-widget_type=\"nav-menu.default\">\n\t\t\t\t<div class=\"elementor-widget-container\">\n\t\t\t\t\t\t\t\t<nav aria-label=\"Men\u00fc\" class=\"elementor-nav-menu--main elementor-nav-menu__container elementor-nav-menu--layout-vertical e--pointer-background e--animation-fade\">\n\t\t\t\t<ul id=\"menu-1-98882cf\" class=\"elementor-nav-menu sm-vertical\"><li class=\"menu-item menu-item-type-post_type menu-item-object-page menu-item-3234\"><a href=\"https:\/\/www.alpro-medical.de\/en\/termine\/\" class=\"elementor-item\">Trade fairs<\/a><\/li>\n<\/ul>\t\t\t<\/nav>\n\t\t\t\t\t<div class=\"elementor-menu-toggle\" role=\"button\" tabindex=\"0\" aria-label=\"Menu Toggle\" aria-expanded=\"false\">\n\t\t\t<i aria-hidden=\"true\" role=\"presentation\" class=\"elementor-menu-toggle__icon--open eicon-menu-bar\"><\/i><i aria-hidden=\"true\" role=\"presentation\" class=\"elementor-menu-toggle__icon--close eicon-close\"><\/i>\t\t<\/div>\n\t\t\t\t\t<nav class=\"elementor-nav-menu--dropdown elementor-nav-menu__container\" aria-hidden=\"true\">\n\t\t\t\t<ul id=\"menu-2-98882cf\" class=\"elementor-nav-menu sm-vertical\"><li class=\"menu-item menu-item-type-post_type menu-item-object-page menu-item-3234\"><a href=\"https:\/\/www.alpro-medical.de\/en\/termine\/\" class=\"elementor-item\" tabindex=\"-1\">Trade fairs<\/a><\/li>\n<\/ul>\t\t\t<\/nav>\n\t\t\t\t\t\t<\/div>\n\t\t\t\t<\/div>\n\t\t\t\t<\/div>\n\t\t\t\t\t<\/div>\n\t\t\t\t<\/div>\n\t\t\t\t<\/div>","protected":false},"excerpt":{"rendered":"<p>\u00a0 Unsere Messetermine Bei den folgenden Messen finden Sie auf unserem Stand immer einen kompetenten Ansprechpartner. Wir freuen uns auf ein pers\u00f6nliches Gespr\u00e4ch mit Ihnen! Sommerfest Henry Schein Ettlingen &#8211; 04.07.2026 Herbstsymposium K\u00f6ln &#8211; 10.10.2026 Fachdental 2026 in Stuttgart\/ S\u00fcdwest &#8211; 16.10.2026 &#8211; 17.10.2026 67. Bayerischer Zahn\u00e4rztetag in M\u00fcnchen &#8211; 22.10.2026 &#8211; 24.10.2026 59. Fortbildungsveranstaltung [&hellip;]<\/p>\n","protected":false},"author":1,"featured_media":0,"parent":0,"menu_order":0,"comment_status":"closed","ping_status":"closed","template":"","meta":{"footnotes":""},"class_list":["post-203","page","type-page","status-publish","hentry"],"_links":{"self":[{"href":"https:\/\/www.alpro-medical.de\/en\/wp-json\/wp\/v2\/pages\/203","targetHints":{"allow":["GET"]}}],"collection":[{"href":"https:\/\/www.alpro-medical.de\/en\/wp-json\/wp\/v2\/pages"}],"about":[{"href":"https:\/\/www.alpro-medical.de\/en\/wp-json\/wp\/v2\/types\/page"}],"author":[{"embeddable":true,"href":"https:\/\/www.alpro-medical.de\/en\/wp-json\/wp\/v2\/users\/1"}],"replies":[{"embeddable":true,"href":"https:\/\/www.alpro-medical.de\/en\/wp-json\/wp\/v2\/comments?post=203"}],"version-history":[{"count":115,"href":"https:\/\/www.alpro-medical.de\/en\/wp-json\/wp\/v2\/pages\/203\/revisions"}],"predecessor-version":[{"id":6185,"href":"https:\/\/www.alpro-medical.de\/en\/wp-json\/wp\/v2\/pages\/203\/revisions\/6185"}],"wp:attachment":[{"href":"https:\/\/www.alpro-medical.de\/en\/wp-json\/wp\/v2\/media?parent=203"}],"curies":[{"name":"wp","href":"https:\/\/api.w.org\/{rel}","templated":true}]}}